{"id":16694,"date":"2023-11-07T17:16:14","date_gmt":"2023-11-07T16:16:14","guid":{"rendered":"https:\/\/aquavis.it\/prodotto\/gel-antimacchia\/"},"modified":"2025-11-19T13:23:16","modified_gmt":"2025-11-19T12:23:16","slug":"gel-antimacchia","status":"publish","type":"product","link":"https:\/\/aquavis.it\/pl\/prodotto\/gel-antimacchia\/","title":{"rendered":"\u017bel Przeciw Plamom Depigmentuj\u0105cy 30 ml"},"content":{"rendered":"\t\t<div data-elementor-type=\"wp-post\" data-elementor-id=\"16694\" class=\"elementor elementor-16694 elementor-2641\" data-elementor-post-type=\"product\">\n\t\t\t\t\t\t<section class=\"elementor-section elementor-top-section elementor-element elementor-element-1248bd3 rey-section-stretched rey-section-bg--classic elementor-section-boxed elementor-section-height-default elementor-section-height-default\" data-id=\"1248bd3\" data-element_type=\"section\" data-settings=\"{&quot;background_background&quot;:&quot;classic&quot;}\">\n\t\t\t\t\t\t<div class=\"elementor-container elementor-column-gap-default\">\n\t\t\t\t\t<div class=\"elementor-column elementor-col-33 elementor-top-column elementor-element elementor-element-8a09e40\" data-id=\"8a09e40\" data-element_type=\"column\">\n\t\t\t<div class=\"elementor-column-wrap--8a09e40 elementor-widget-wrap elementor-element-populated\">\n\t\t\t\t\t\t<div class=\"elementor-element elementor-element-4396a3b elementor-widget elementor-widget-image\" data-id=\"4396a3b\" data-element_type=\"widget\" data-widget_type=\"image.default\">\n\t\t\t\t<div class=\"elementor-widget-container\">\n\t\t\t\t\t\t\t\t\t\t\t\t\t<img decoding=\"async\" width=\"70\" height=\"70\" src=\"https:\/\/aquavis.it\/wp-content\/uploads\/2024\/10\/icona1-1-1.svg\" class=\"attachment-full size-full wp-image-9891\" alt=\"\" \/>\t\t\t\t\t\t\t\t\t\t\t\t\t<\/div>\n\t\t\t\t<\/div>\n\t\t\t\t<div class=\"elementor-element elementor-element-6235df5 elementor-widget elementor-widget-heading\" data-id=\"6235df5\" data-element_type=\"widget\" data-widget_type=\"heading.default\">\n\t\t\t\t<div class=\"elementor-widget-container\">\n\t\t\t<h3 class=\"elementor-heading-title elementor-size-default\">Sk\u0142adniki aktywne:\n<\/h3>\t\t<\/div>\n\t\t\t\t<\/div>\n\t\t\t\t<div class=\"elementor-element elementor-element-a5bad70 elementor-widget elementor-widget-text-editor\" data-id=\"a5bad70\" data-element_type=\"widget\" data-widget_type=\"text-editor.default\">\n\t\t\t\t<div class=\"elementor-widget-container\">\n\t\t\t\t\t\t\t<p class=\"p1\">Aquavis\u00ae, arbutyna, aloes vera 100% BIO, glicyna, sok z kwiatu pomara\u0144czy, witamina B5 i pantenol.<\/p>\t\t\t\t\t\t<\/div>\n\t\t\t\t<\/div>\n\t\t\t\t<div class=\"elementor-element elementor-element-5b5088a elementor-widget elementor-widget-heading\" data-id=\"5b5088a\" data-element_type=\"widget\" data-widget_type=\"heading.default\">\n\t\t\t\t<div class=\"elementor-widget-container\">\n\t\t\t<h3 class=\"elementor-heading-title elementor-size-default\">Jako\u015b\u0107 i bezpiecze\u0144stwo:\n<\/h3>\t\t<\/div>\n\t\t\t\t<\/div>\n\t\t\t\t<div class=\"elementor-element elementor-element-962b4c4 elementor-widget elementor-widget-text-editor\" data-id=\"962b4c4\" data-element_type=\"widget\" data-widget_type=\"text-editor.default\">\n\t\t\t\t<div class=\"elementor-widget-container\">\n\t\t\t\t\t\t\t<p class=\"p1\">Nak\u0142ada\u0107 \u017cel rano i wieczorem bezpo\u015brednio na plamy, niedoskona\u0142o\u015bci i przebarwienia sk\u00f3ry. Pozostawi\u0107 do wch\u0142oni\u0119cia na 4\/5 minut. \u017bel \u0142atwo wnika w sk\u00f3r\u0119, nie pozostawiaj\u0105c \u015blad\u00f3w. Dozownik airless umo\u017cliwia precyzyjn\u0105 aplikacj\u0119 bez strat produktu, pozwalaj\u0105c na leczenie pojedynczych plam, r\u00f3wnie\u017c tych o niewielkich rozmiarach. Czas efektywno\u015bci zale\u017cy od rodzaju sk\u00f3ry, typu plamy i jej pochodzenia. \u017bel gwarantuje dzia\u0142anie depigmentuj\u0105ce i rozja\u015bniaj\u0105ce, a widoczne rezultaty pojawiaj\u0105 si\u0119 \u015brednio ju\u017c po 3\/4 tygodniach regularnego stosowania. Otrzymali\u015bmy \u015bwiadectwa od entuzjastycznych klient\u00f3w, kt\u00f3rzy zauwa\u017cyli pierwsze efekty ju\u017c po 2\/3 dniach u\u017cycia.<\/p>\t\t\t\t\t\t<\/div>\n\t\t\t\t<\/div>\n\t\t\t\t\t<\/div>\n\t\t<\/div>\n\t\t\t\t<div class=\"elementor-column elementor-col-33 elementor-top-column elementor-element elementor-element-8ea6b33\" data-id=\"8ea6b33\" data-element_type=\"column\">\n\t\t\t<div class=\"elementor-column-wrap--8ea6b33 elementor-widget-wrap elementor-element-populated\">\n\t\t\t\t\t\t<div class=\"elementor-element elementor-element-cc28a70 elementor-widget elementor-widget-image\" data-id=\"cc28a70\" data-element_type=\"widget\" data-widget_type=\"image.default\">\n\t\t\t\t<div class=\"elementor-widget-container\">\n\t\t\t\t\t\t\t\t\t\t\t\t\t<img decoding=\"async\" width=\"70\" height=\"70\" src=\"https:\/\/aquavis.it\/wp-content\/uploads\/2024\/10\/icona2-1-1.svg\" class=\"attachment-full size-full wp-image-9892\" alt=\"\" \/>\t\t\t\t\t\t\t\t\t\t\t\t\t<\/div>\n\t\t\t\t<\/div>\n\t\t\t\t<div class=\"elementor-element elementor-element-2906a0d elementor-widget elementor-widget-heading\" data-id=\"2906a0d\" data-element_type=\"widget\" data-widget_type=\"heading.default\">\n\t\t\t\t<div class=\"elementor-widget-container\">\n\t\t\t<h3 class=\"elementor-heading-title elementor-size-default\">Korzy\u015bci:\n<\/h3>\t\t<\/div>\n\t\t\t\t<\/div>\n\t\t\t\t<div class=\"elementor-element elementor-element-7ce1793 elementor-widget elementor-widget-text-editor\" data-id=\"7ce1793\" data-element_type=\"widget\" data-widget_type=\"text-editor.default\">\n\t\t\t\t<div class=\"elementor-widget-container\">\n\t\t\t\t\t\t\t<p class=\"p1\">Zawiera Aquavis\u00ae, pierwszy biofizyczny aktywator zdolny do pobudzania autofagii sk\u00f3rnej, umo\u017cliwiaj\u0105c regeneracj\u0119 sk\u00f3ry i jej powr\u00f3t do zdrowego wygl\u0105du. Aktywne sk\u0142adniki: arbutyna, kt\u00f3ra z jednej strony dzia\u0142a poprzez hamowanie aktywno\u015bci tyrozynazy \u2013 enzymu odpowiedzialnego za przekszta\u0142canie tyrozyny w melanin\u0119 \u2013 a z drugiej wspiera degradacj\u0119 melanosom\u00f3w. Pantenol, znany r\u00f3wnie\u017c jako prowitaminy B5, ma w\u0142a\u015bciwo\u015bci \u0142agodz\u0105ce, nawil\u017caj\u0105ce i regeneruj\u0105ce. Zwi\u0119ksza elastyczno\u015b\u0107 sk\u00f3ry i wspiera odbudow\u0119 tkanek. Glicyna: pomaga utrzyma\u0107 nawil\u017cenie sk\u00f3ry, wzmacnia barier\u0119 sk\u00f3rn\u0105, poprawia elastyczno\u015b\u0107 i j\u0119drno\u015b\u0107. Sok z kwiatu pomara\u0144czy: znany z w\u0142a\u015bciwo\u015bci \u0142agodz\u0105cych, nawil\u017caj\u0105cych i regeneruj\u0105cych. Jest stosowany w celu uspokojenia sk\u00f3ry podra\u017cnionej, suchej, zapalnej lub poparzonej s\u0142o\u0144cem. Aloes vera: ma silne dzia\u0142anie nawil\u017caj\u0105ce i pomaga poprawi\u0107 og\u00f3lny stan sk\u00f3ry, wspieraj\u0105c gojenie. Bia\u0142ko pszenicy (hydrolizat): pomaga wzmocni\u0107 struktur\u0119 sk\u00f3ry i tworzy ochronn\u0105 barier\u0119, kt\u00f3ra zapobiega odwodnieniu, poprawiaj\u0105c jej mi\u0119kko\u015b\u0107 i elastyczno\u015b\u0107. Ta skuteczna synergia r\u00f3\u017cnych sk\u0142adnik\u00f3w aktywnych pomaga w leczeniu r\u00f3\u017cnych typ\u00f3w plam i przebarwie\u0144 sk\u00f3rnych, widocznie poprawiaj\u0105c wygl\u0105d i blask sk\u00f3ry.<\/p>\t\t\t\t\t\t<\/div>\n\t\t\t\t<\/div>\n\t\t\t\t\t<\/div>\n\t\t<\/div>\n\t\t\t\t<div class=\"elementor-column elementor-col-33 elementor-top-column elementor-element elementor-element-b9c647d\" data-id=\"b9c647d\" data-element_type=\"column\">\n\t\t\t<div class=\"elementor-column-wrap--b9c647d elementor-widget-wrap elementor-element-populated\">\n\t\t\t\t\t\t<div class=\"elementor-element elementor-element-0531798 elementor-widget elementor-widget-image\" data-id=\"0531798\" data-element_type=\"widget\" data-widget_type=\"image.default\">\n\t\t\t\t<div class=\"elementor-widget-container\">\n\t\t\t\t\t\t\t\t\t\t\t\t\t<img decoding=\"async\" width=\"70\" height=\"70\" src=\"https:\/\/aquavis.it\/wp-content\/uploads\/2024\/10\/icona3-1-1.svg\" class=\"attachment-full size-full wp-image-9893\" alt=\"\" \/>\t\t\t\t\t\t\t\t\t\t\t\t\t<\/div>\n\t\t\t\t<\/div>\n\t\t\t\t<div class=\"elementor-element elementor-element-e4c016b elementor-widget elementor-widget-heading\" data-id=\"e4c016b\" data-element_type=\"widget\" data-widget_type=\"heading.default\">\n\t\t\t\t<div class=\"elementor-widget-container\">\n\t\t\t<h3 class=\"elementor-heading-title elementor-size-default\">Sk\u0142adniki:\n<\/h3>\t\t<\/div>\n\t\t\t\t<\/div>\n\t\t\t\t<div class=\"elementor-element elementor-element-efcbb21 elementor-widget elementor-widget-text-editor\" data-id=\"efcbb21\" data-element_type=\"widget\" data-widget_type=\"text-editor.default\">\n\t\t\t\t<div class=\"elementor-widget-container\">\n\t\t\t\t\t\t\t<p class=\"p1\">aqua (water), phenoxyethanol, acrylates\/C10-30 alkyl acrylate crosspolymer, arbutin, sodium chloride, glycerin, sodium hydroxide, sodium dehydroacetate, ethylhexylglycerin, citrus aurantium amara flower water (citrus aurantium amara (bitter orange) flower water), aloe barbadensis leaf juice*, disodium edta, potassium chloride, glucose, calcium chloride, zinc chloride, magnesium chloride, sodium glutamate, sorbitol, urea, glycine, sodium pca, lactic acid, hydrolyzed wheat protein, panthenol, tetrasodium glutamate diacetate *z rolnictwa ekologicznego<\/p>\t\t\t\t\t\t<\/div>\n\t\t\t\t<\/div>\n\t\t\t\t<div class=\"elementor-element elementor-element-d1869a2 elementor-widget elementor-widget-heading\" data-id=\"d1869a2\" data-element_type=\"widget\" data-widget_type=\"heading.default\">\n\t\t\t\t<div class=\"elementor-widget-container\">\n\t\t\t<h3 class=\"elementor-heading-title elementor-size-default\">Wskazania i spos\u00f3b u\u017cycia:\n<\/h3>\t\t<\/div>\n\t\t\t\t<\/div>\n\t\t\t\t<div class=\"elementor-element elementor-element-c0b8ed6 elementor-widget elementor-widget-text-editor\" data-id=\"c0b8ed6\" data-element_type=\"widget\" data-widget_type=\"text-editor.default\">\n\t\t\t\t<div class=\"elementor-widget-container\">\n\t\t\t\t\t\t\t<p class=\"p1\">Ka\u017cdy produkt Aquavis\u00ae jest testowany dermatologicznie, aby zagwarantowa\u0107 jako\u015b\u0107 i bezpiecze\u0144stwo. Badania kliniczne przeprowadzone przez presti\u017cowy o\u015brodek badawczy na arenie mi\u0119dzynarodowej potwierdzi\u0142y, \u017ce Aquavis\u00ae znacz\u0105co przyczynia si\u0119 do zmniejszenia indeksu melaniny i poprawy parametr\u00f3w biofizycznych sk\u00f3ry.<\/p>\t\t\t\t\t\t<\/div>\n\t\t\t\t<\/div>\n\t\t\t\t\t<\/div>\n\t\t<\/div>\n\t\t\t\t\t<\/div>\n\t\t<\/section>\n\t\t\t\t<\/div>\n\t\t","protected":false},"excerpt":{"rendered":"<p class=\"p1\"><b>Z Aquavis\u00ae, arbutyn\u0105, pantenolem, glicyn\u0105, li\u015bciem aloesu vera i bia\u0142kiem pszenicy.<\/b><\/p>\n<p class=\"p1\">Sk\u0142ada si\u0119 z \u017celu depigmentuj\u0105cego, opracowanego tak, aby skutecznie zwalcza\u0107 plamy i przebarwienia, a jednocze\u015bnie wspiera\u0107 degradacj\u0119 melanosom\u00f3w poprzez aktywacj\u0119 autofagii. Na bazie magnetyzowanej wody solankowej <b>Aquavis\u00ae<\/b><\/p>\n<ul>\n<li><strong>DEPIGMENTUJ\u0104CY<\/strong><\/li>\n<li><strong>PRZECIW PLAMOM<\/strong><\/li>\n<li><strong>WSPIERA AUTOFAGI\u0118<\/strong><\/li>\n<li><strong>ROZ\u015aWIETLAJ\u0104CY<\/strong><\/li>\n<li><strong>REGENERUJE I NAWIL\u017bA<\/strong><\/li>\n<\/ul>\n","protected":false},"featured_media":18470,"comment_status":"open","ping_status":"closed","template":"","meta":{"_acf_changed":false},"product_cat":[369],"product_tag":[],"class_list":{"0":"post-16694","1":"product","2":"type-product","3":"status-publish","4":"has-post-thumbnail","6":"product_cat-skincare","8":"first","9":"outofstock","10":"shipping-taxable","11":"purchasable","12":"product-type-simple","swatches":"rey-swatches","show_selected":"","stretch_labels":"rey-swatches--stretch-labels"},"acf":[],"yoast_head":"<!-- This site is optimized with the Yoast SEO plugin v26.4 - https:\/\/yoast.com\/wordpress\/plugins\/seo\/ -->\n<title>\u017bel na przebarwienia Aquavis: wyr\u00f3wnuje koloryt sk\u00f3ry<\/title>\n<meta name=\"description\" content=\"\u017bel depigmentuj\u0105cy redukuje przebarwienia i poprawia wygl\u0105d sk\u00f3ry, nadaj\u0105c jej jednolity koloryt.\" \/>\n<meta name=\"robots\" content=\"index, follow, max-snippet:-1, max-image-preview:large, max-video-preview:-1\" \/>\n<link rel=\"canonical\" href=\"https:\/\/aquavis.it\/pl\/prodotto\/gel-antimacchia\/\" \/>\n<meta property=\"og:locale\" content=\"pl_PL\" \/>\n<meta property=\"og:type\" content=\"article\" \/>\n<meta property=\"og:title\" content=\"\u017bel na przebarwienia Aquavis: wyr\u00f3wnuje koloryt sk\u00f3ry\" \/>\n<meta property=\"og:description\" content=\"\u017bel depigmentuj\u0105cy redukuje przebarwienia i poprawia wygl\u0105d sk\u00f3ry, nadaj\u0105c jej jednolity koloryt.\" \/>\n<meta property=\"og:url\" content=\"https:\/\/aquavis.it\/pl\/prodotto\/gel-antimacchia\/\" \/>\n<meta property=\"og:site_name\" content=\"Aquavis\" \/>\n<meta property=\"article:publisher\" content=\"https:\/\/www.facebook.com\/aquavis.it\" \/>\n<meta property=\"article:modified_time\" content=\"2025-11-19T12:23:16+00:00\" \/>\n<meta property=\"og:image\" content=\"https:\/\/aquavis.it\/wp-content\/uploads\/2023\/11\/GEL-ANTIMACCHIA.jpg\" \/>\n\t<meta property=\"og:image:width\" content=\"1000\" \/>\n\t<meta property=\"og:image:height\" content=\"1000\" \/>\n\t<meta property=\"og:image:type\" content=\"image\/jpeg\" \/>\n<meta name=\"twitter:card\" content=\"summary_large_image\" \/>\n<meta name=\"twitter:label1\" content=\"Szacowany czas czytania\" \/>\n\t<meta name=\"twitter:data1\" content=\"3 minuty\" \/>\n<script type=\"application\/ld+json\" class=\"yoast-schema-graph\">{\"@context\":\"https:\/\/schema.org\",\"@graph\":[{\"@type\":\"WebPage\",\"@id\":\"https:\/\/aquavis.it\/pl\/prodotto\/gel-antimacchia\/\",\"url\":\"https:\/\/aquavis.it\/pl\/prodotto\/gel-antimacchia\/\",\"name\":\"\u017bel na przebarwienia Aquavis: wyr\u00f3wnuje koloryt sk\u00f3ry\",\"isPartOf\":{\"@id\":\"https:\/\/aquavis.it\/pl\/#website\"},\"primaryImageOfPage\":{\"@id\":\"https:\/\/aquavis.it\/pl\/prodotto\/gel-antimacchia\/#primaryimage\"},\"image\":{\"@id\":\"https:\/\/aquavis.it\/pl\/prodotto\/gel-antimacchia\/#primaryimage\"},\"thumbnailUrl\":\"https:\/\/aquavis.it\/wp-content\/uploads\/2023\/11\/GEL-ANTIMACCHIA.jpg\",\"datePublished\":\"2023-11-07T16:16:14+00:00\",\"dateModified\":\"2025-11-19T12:23:16+00:00\",\"description\":\"\u017bel depigmentuj\u0105cy redukuje przebarwienia i poprawia wygl\u0105d sk\u00f3ry, nadaj\u0105c jej jednolity koloryt.\",\"breadcrumb\":{\"@id\":\"https:\/\/aquavis.it\/pl\/prodotto\/gel-antimacchia\/#breadcrumb\"},\"inLanguage\":\"pl-PL\",\"potentialAction\":[{\"@type\":\"ReadAction\",\"target\":[\"https:\/\/aquavis.it\/pl\/prodotto\/gel-antimacchia\/\"]}]},{\"@type\":\"ImageObject\",\"inLanguage\":\"pl-PL\",\"@id\":\"https:\/\/aquavis.it\/pl\/prodotto\/gel-antimacchia\/#primaryimage\",\"url\":\"https:\/\/aquavis.it\/wp-content\/uploads\/2023\/11\/GEL-ANTIMACCHIA.jpg\",\"contentUrl\":\"https:\/\/aquavis.it\/wp-content\/uploads\/2023\/11\/GEL-ANTIMACCHIA.jpg\",\"width\":1000,\"height\":1000},{\"@type\":\"BreadcrumbList\",\"@id\":\"https:\/\/aquavis.it\/pl\/prodotto\/gel-antimacchia\/#breadcrumb\",\"itemListElement\":[{\"@type\":\"ListItem\",\"position\":1,\"name\":\"Home\",\"item\":\"https:\/\/aquavis.it\/pl\/\"},{\"@type\":\"ListItem\",\"position\":2,\"name\":\"Shop\",\"item\":\"https:\/\/aquavis.it\/pl\/shop\/\"},{\"@type\":\"ListItem\",\"position\":3,\"name\":\"\u017bel Przeciw Plamom Depigmentuj\u0105cy 30 ml\"}]},{\"@type\":\"WebSite\",\"@id\":\"https:\/\/aquavis.it\/pl\/#website\",\"url\":\"https:\/\/aquavis.it\/pl\/\",\"name\":\"Aquavis\",\"description\":\"\",\"potentialAction\":[{\"@type\":\"SearchAction\",\"target\":{\"@type\":\"EntryPoint\",\"urlTemplate\":\"https:\/\/aquavis.it\/pl\/?s={search_term_string}\"},\"query-input\":{\"@type\":\"PropertyValueSpecification\",\"valueRequired\":true,\"valueName\":\"search_term_string\"}}],\"inLanguage\":\"pl-PL\"}]}<\/script>\n<!-- \/ Yoast SEO plugin. -->","yoast_head_json":{"title":"\u017bel na przebarwienia Aquavis: wyr\u00f3wnuje koloryt sk\u00f3ry","description":"\u017bel depigmentuj\u0105cy redukuje przebarwienia i poprawia wygl\u0105d sk\u00f3ry, nadaj\u0105c jej jednolity koloryt.","robots":{"index":"index","follow":"follow","max-snippet":"max-snippet:-1","max-image-preview":"max-image-preview:large","max-video-preview":"max-video-preview:-1"},"canonical":"https:\/\/aquavis.it\/pl\/prodotto\/gel-antimacchia\/","og_locale":"pl_PL","og_type":"article","og_title":"\u017bel na przebarwienia Aquavis: wyr\u00f3wnuje koloryt sk\u00f3ry","og_description":"\u017bel depigmentuj\u0105cy redukuje przebarwienia i poprawia wygl\u0105d sk\u00f3ry, nadaj\u0105c jej jednolity koloryt.","og_url":"https:\/\/aquavis.it\/pl\/prodotto\/gel-antimacchia\/","og_site_name":"Aquavis","article_publisher":"https:\/\/www.facebook.com\/aquavis.it","article_modified_time":"2025-11-19T12:23:16+00:00","og_image":[{"width":1000,"height":1000,"url":"https:\/\/aquavis.it\/wp-content\/uploads\/2023\/11\/GEL-ANTIMACCHIA.jpg","type":"image\/jpeg"}],"twitter_card":"summary_large_image","twitter_misc":{"Szacowany czas czytania":"3 minuty"},"schema":{"@context":"https:\/\/schema.org","@graph":[{"@type":"WebPage","@id":"https:\/\/aquavis.it\/pl\/prodotto\/gel-antimacchia\/","url":"https:\/\/aquavis.it\/pl\/prodotto\/gel-antimacchia\/","name":"\u017bel na przebarwienia Aquavis: wyr\u00f3wnuje koloryt sk\u00f3ry","isPartOf":{"@id":"https:\/\/aquavis.it\/pl\/#website"},"primaryImageOfPage":{"@id":"https:\/\/aquavis.it\/pl\/prodotto\/gel-antimacchia\/#primaryimage"},"image":{"@id":"https:\/\/aquavis.it\/pl\/prodotto\/gel-antimacchia\/#primaryimage"},"thumbnailUrl":"https:\/\/aquavis.it\/wp-content\/uploads\/2023\/11\/GEL-ANTIMACCHIA.jpg","datePublished":"2023-11-07T16:16:14+00:00","dateModified":"2025-11-19T12:23:16+00:00","description":"\u017bel depigmentuj\u0105cy redukuje przebarwienia i poprawia wygl\u0105d sk\u00f3ry, nadaj\u0105c jej jednolity koloryt.","breadcrumb":{"@id":"https:\/\/aquavis.it\/pl\/prodotto\/gel-antimacchia\/#breadcrumb"},"inLanguage":"pl-PL","potentialAction":[{"@type":"ReadAction","target":["https:\/\/aquavis.it\/pl\/prodotto\/gel-antimacchia\/"]}]},{"@type":"ImageObject","inLanguage":"pl-PL","@id":"https:\/\/aquavis.it\/pl\/prodotto\/gel-antimacchia\/#primaryimage","url":"https:\/\/aquavis.it\/wp-content\/uploads\/2023\/11\/GEL-ANTIMACCHIA.jpg","contentUrl":"https:\/\/aquavis.it\/wp-content\/uploads\/2023\/11\/GEL-ANTIMACCHIA.jpg","width":1000,"height":1000},{"@type":"BreadcrumbList","@id":"https:\/\/aquavis.it\/pl\/prodotto\/gel-antimacchia\/#breadcrumb","itemListElement":[{"@type":"ListItem","position":1,"name":"Home","item":"https:\/\/aquavis.it\/pl\/"},{"@type":"ListItem","position":2,"name":"Shop","item":"https:\/\/aquavis.it\/pl\/shop\/"},{"@type":"ListItem","position":3,"name":"\u017bel Przeciw Plamom Depigmentuj\u0105cy 30 ml"}]},{"@type":"WebSite","@id":"https:\/\/aquavis.it\/pl\/#website","url":"https:\/\/aquavis.it\/pl\/","name":"Aquavis","description":"","potentialAction":[{"@type":"SearchAction","target":{"@type":"EntryPoint","urlTemplate":"https:\/\/aquavis.it\/pl\/?s={search_term_string}"},"query-input":{"@type":"PropertyValueSpecification","valueRequired":true,"valueName":"search_term_string"}}],"inLanguage":"pl-PL"}]}},"_links":{"self":[{"href":"https:\/\/aquavis.it\/pl\/wp-json\/wp\/v2\/product\/16694","targetHints":{"allow":["GET"]}}],"collection":[{"href":"https:\/\/aquavis.it\/pl\/wp-json\/wp\/v2\/product"}],"about":[{"href":"https:\/\/aquavis.it\/pl\/wp-json\/wp\/v2\/types\/product"}],"replies":[{"embeddable":true,"href":"https:\/\/aquavis.it\/pl\/wp-json\/wp\/v2\/comments?post=16694"}],"version-history":[{"count":4,"href":"https:\/\/aquavis.it\/pl\/wp-json\/wp\/v2\/product\/16694\/revisions"}],"predecessor-version":[{"id":16906,"href":"https:\/\/aquavis.it\/pl\/wp-json\/wp\/v2\/product\/16694\/revisions\/16906"}],"wp:featuredmedia":[{"embeddable":true,"href":"https:\/\/aquavis.it\/pl\/wp-json\/wp\/v2\/media\/18470"}],"wp:attachment":[{"href":"https:\/\/aquavis.it\/pl\/wp-json\/wp\/v2\/media?parent=16694"}],"wp:term":[{"taxonomy":"product_cat","embeddable":true,"href":"https:\/\/aquavis.it\/pl\/wp-json\/wp\/v2\/product_cat?post=16694"},{"taxonomy":"product_tag","embeddable":true,"href":"https:\/\/aquavis.it\/pl\/wp-json\/wp\/v2\/product_tag?post=16694"}],"curies":[{"name":"wp","href":"https:\/\/api.w.org\/{rel}","templated":true}]}}